{"id":4493,"date":"2023-06-09T17:30:32","date_gmt":"2023-06-09T17:30:32","guid":{"rendered":"https:\/\/don-cicleto.ronindev.today\/politica-de-privacidade\/"},"modified":"2023-10-11T18:08:04","modified_gmt":"2023-10-11T18:08:04","slug":"politica-de-privacidade","status":"publish","type":"page","link":"https:\/\/www.web.doncicleto.com\/pt-pt\/politica-de-privacidade\/","title":{"rendered":"Pol\u00edtica de privacidade"},"content":{"rendered":"\t\t<div data-elementor-type=\"wp-page\" data-elementor-id=\"4493\" class=\"elementor elementor-4493 elementor-3\" data-elementor-post-type=\"page\">\n\t\t\t\t<div class=\"elementor-element elementor-element-937bbb7 e-con-full e-flex elementor-invisible e-con e-parent\" data-id=\"937bbb7\" data-element_type=\"container\" data-e-type=\"container\" data-settings=\"{&quot;animation&quot;:&quot;fadeIn&quot;}\">\n\t\t<div class=\"elementor-element elementor-element-5cc6a54 e-flex e-con-boxed e-con e-parent\" data-id=\"5cc6a54\" data-element_type=\"container\" data-e-type=\"container\">\n\t\t\t\t\t<div class=\"e-con-inner\">\n\t\t\t\t<div class=\"elementor-element elementor-element-144c65b elementor-widget elementor-widget-heading\" data-id=\"144c65b\" data-element_type=\"widget\" data-e-type=\"widget\" data-widget_type=\"heading.default\">\n\t\t\t\t<div class=\"elementor-widget-container\">\n\t\t\t\t\t<h2 class=\"elementor-heading-title elementor-size-default\">Pol\u00edtica de privacidade<\/h2>\t\t\t\t<\/div>\n\t\t\t\t<\/div>\n\t\t\t\t\t<\/div>\n\t\t\t\t<\/div>\n\t\t\t\t<\/div>\n\t\t<div class=\"elementor-element elementor-element-f51b926 e-flex e-con-boxed e-con e-parent\" data-id=\"f51b926\" data-element_type=\"container\" data-e-type=\"container\">\n\t\t\t\t\t<div class=\"e-con-inner\">\n\t\t\t\t<div class=\"elementor-element elementor-element-763e821 elementor-widget elementor-widget-text-editor\" data-id=\"763e821\" data-element_type=\"widget\" data-e-type=\"widget\" data-widget_type=\"text-editor.default\">\n\t\t\t\t<div class=\"elementor-widget-container\">\n\t\t\t\t\t\t\t\t\t<p><strong>Aviso legal e pol\u00edtica de privacidade<\/strong><\/p>\n<p>Em cumprimento da Lei 34\/2002, de 11 de julho, de Servi\u00e7os da Sociedade da Informa\u00e7\u00e3o e do Com\u00e9rcio Eletr\u00f3nico, informamos que a DON CICLETO S.L., com sede social em CALLE PE\u00d1AFIEL 17, 28019, MADRID; com o n\u00famero de identifica\u00e7\u00e3o fiscal B87258786, \u00e9 a propriet\u00e1ria do s\u00edtio Web http:\/\/www.doncicleto.com\/ (doravante, o s\u00edtio Web). Em conformidade com as disposi\u00e7\u00f5es do Regulamento (UE) 2016\/679, de 27 de abril, relativo \u00e0 prote\u00e7\u00e3o das pessoas singulares no que diz respeito ao tratamento de dados pessoais e \u00e0 livre circula\u00e7\u00e3o desses dados (a seguir designado por RGPD).<\/p>\n<p><strong>Quem \u00e9 respons\u00e1vel pelo tratamento dos seus dados?<\/strong><br>Nome: DON CICLETO S.L.<br>N\u00daMERO DE IVA: B87258786<br>Endere\u00e7o: CALLE BAIL\u00c9N 7, 28280 EL ESCORIAL<br>Telefone: 744 400 546<br>Correio eletr\u00f3nico: <span style=\"color: #00c1d5;\">\n  <a style=\"color: #00c1d5;\" href=\"mailto:hola@doncicleto.com\">hola@doncicleto.com<\/a>\n<\/span><\/p>\n<p><strong>Para que fins processamos os seus dados pessoais?<br><\/strong>Os seus dados pessoais s\u00f3 ser\u00e3o utilizados para os seguintes fins:<\/p>\n<ul>\n<li>Se for um utilizador do s\u00edtio Web, utilizamos os seus dados para a gest\u00e3o de d\u00favidas, consultas ou outros pedidos de informa\u00e7\u00e3o sobre os nossos servi\u00e7os.<\/li>\n<li>Se \u00e9 um potencial cliente ou utilizador:<br>Para o envio de or\u00e7amentos.<br>Para enviar comunica\u00e7\u00f5es e ofertas promocionais relacionadas com o servi\u00e7o.<\/li>\n<li>Se \u00e9 um cliente:<br>Para a gest\u00e3o administrativa e fiscal.<br>Gest\u00e3o do estacionamento, tarifa\u00e7\u00e3o do servi\u00e7o.<br>Para enviar comunica\u00e7\u00f5es e ofertas promocionais relacionadas com o servi\u00e7o.<\/li>\n<\/ul>\n<p> <\/p>\n<p><strong>Qual \u00e9 a legitimidade do tratamento dos seus dados pessoais?<\/strong><\/p>\n<ul>\n<li>Se \u00e9 um utilizador do s\u00edtio Web (consultas, quest\u00f5es gerais):<br>Consentimento expresso do utilizador atrav\u00e9s da sele\u00e7\u00e3o da caixa de verifica\u00e7\u00e3o do registo onde verifica o seu consentimento.<\/li>\n<li>Se \u00e9 um cliente potencial:<br>A base jur\u00eddica para o objetivo principal \u00e9 a execu\u00e7\u00e3o de medidas pr\u00e9-contratuais.<\/li>\n<li>Se \u00e9 um cliente:<br>A base jur\u00eddica da finalidade principal \u00e9 a execu\u00e7\u00e3o do contrato.<\/li>\n<li>Para todos os casos:<br>A base legal para efeitos de envio de comunica\u00e7\u00f5es e ofertas promocionais \u00e9 o consentimento expresso no checkout do nosso s\u00edtio Web.<\/li>\n<\/ul>\n<p> <\/p>\n<p><strong>Durante quanto tempo conservarei os seus dados pessoais?<\/strong><\/p>\n<p>UM ANO de liga\u00e7\u00f5es \u00e0 Internet para o nosso s\u00edtio Web, correio eletr\u00f3nico e chamadas telef\u00f3nicas de voz.<br>No caso de nos solicitar, os seus dados ser\u00e3o conservados por n\u00f3s at\u00e9 ao termo das obriga\u00e7\u00f5es legais da\u00ed decorrentes.<\/p>\n<p><strong>Como \u00e9 que obtive os seus dados pessoais?<br><\/strong>Os dados obtidos n\u00e3o foram fornecidos pelo utilizador.<\/p>\n<p><strong>A que destinat\u00e1rios ser\u00e3o comunicados os seus dados pessoais?<br><\/strong>Se se tratar de um cliente, pode ser comunicado \u00e0s administra\u00e7\u00f5es competentes na mat\u00e9ria.<\/p>\n<p><strong>Qual \u00e9 a legitima\u00e7\u00e3o para a comunica\u00e7\u00e3o dos seus dados pessoais?<br><\/strong>Cumprimento das obriga\u00e7\u00f5es legais.<\/p>\n<p><br><strong>Quais s\u00e3o os seus direitos quando me fornece os seus dados pessoais?<br><\/strong>Qualquer pessoa em causa pode solicitar o exerc\u00edcio dos seguintes direitos:<\/p>\n<ul>\n<li>Direito de acesso: A pessoa em causa tem o direito de obter confirma\u00e7\u00e3o sobre se os dados pessoais que lhe dizem respeito est\u00e3o ou n\u00e3o a ser tratados.<\/li>\n<li>Direito de retifica\u00e7\u00e3o: O titular dos dados tem o direito de obter a retifica\u00e7\u00e3o dos dados pessoais inexactos ou incompletos que lhe digam respeito.<\/li>\n<li>Direito de apagamento: A pessoa em causa tem o direito de obter o apagamento dos dados pessoais que lhe digam respeito, se esses dados j\u00e1 n\u00e3o forem necess\u00e1rios para os fins para que foram recolhidos ou tratados.<\/li>\n<li>Direito de limita\u00e7\u00e3o: Pode solicitar a limita\u00e7\u00e3o do tratamento dos seus dados pessoais, caso em que apenas os conservaremos para o exerc\u00edcio ou a defesa de reclama\u00e7\u00f5es.<\/li>\n<li>Direito \u00e0 portabilidade dos dados: O utilizador pode solicitar-nos a transfer\u00eancia dos seus dados pessoais automatizados para qualquer outra empresa que nos indique, num formato estruturado, intelig\u00edvel e automatizado.<\/li>\n<li>Direito de retirar o consentimento: O utilizador tem o direito de retirar o consentimento em qualquer altura, sem que isso afecte a legalidade do tratamento efectuado com base no consentimento anterior \u00e0 sua retirada.<\/li>\n<li>Direito de oposi\u00e7\u00e3o: O titular dos dados tem o direito de se opor ao tratamento dos seus dados.<\/li>\n<\/ul>\n<p> <\/p>\n<p><strong>Como pode exercer estes direitos?<br><\/strong>Disponibilizamos ao utilizador, a pedido, os formul\u00e1rios onde pode exercer estes direitos. Pode contactar-nos em <span style=\"color: #00c1d5;\">\n  <a style=\"color: #00c1d5;\" href=\"mailto:hola@doncicleto.com\">hola@doncicleto.com<\/a>\n<\/span> indicando o direito que pretende exercer e enviar-lhe-emos o formul\u00e1rio correspondente. O exerc\u00edcio destes direitos deve ser efectuado atrav\u00e9s de uma comunica\u00e7\u00e3o enviada para o endere\u00e7o eletr\u00f3nico hola@doncicleto.com ou para o endere\u00e7o postal.<\/p>\n<p><strong>Quem pode exercer os direitos?<\/strong><br>Os direitos das pessoas em causa s\u00e3o muito pessoais, pelo que ser\u00e3o exercidos pelo titular dos dados, devidamente acreditando a sua identidade (para o efeito, ser-lhe-\u00e1 pedido o seu bilhete de identidade ou equivalente).<br>Pode tamb\u00e9m ser exercido atrav\u00e9s de representa\u00e7\u00e3o legal, caso em que, para al\u00e9m do bilhete de identidade do interessado ou equivalente, deve ser apresentado o bilhete de identidade e documento aut\u00eantico que credencie a representa\u00e7\u00e3o do terceiro.<\/p>\n<p><strong>Qual ser\u00e1 a nossa obriga\u00e7\u00e3o quando o utilizador exercer algum dos direitos?<br><\/strong>O respons\u00e1vel pelo tratamento deve responder ao pedido que lhe \u00e9 dirigido em qualquer caso, independentemente de os dados pessoais da pessoa em causa ou da pessoa em causa estarem ou n\u00e3o inclu\u00eddos nas suas opera\u00e7\u00f5es de tratamento.<br>Caso o pedido n\u00e3o cumpra os requisitos especificados, o respons\u00e1vel pelo tratamento de dados deve solicitar a corre\u00e7\u00e3o do mesmo.<br>O respons\u00e1vel pelo tratamento deve responder aos pedidos no prazo de um m\u00eas a contar da data de rece\u00e7\u00e3o do pedido. Este per\u00edodo pode ser prorrogado por mais dois meses, se necess\u00e1rio, tendo em conta a complexidade e o n\u00famero de pedidos. O respons\u00e1vel pelo tratamento dos dados informar\u00e1 a pessoa em causa de qualquer prorroga\u00e7\u00e3o no prazo de um m\u00eas a contar da rece\u00e7\u00e3o do pedido, indicando os motivos do atraso.<\/p>\n<p><strong>Direito de apresentar queixa \u00e0 autoridade de controlo<br><\/strong>Pode solicitar a prote\u00e7\u00e3o de direitos que n\u00e3o tenham sido devidamente tratados \u00e0 Ag\u00eancia Espanhola de Prote\u00e7\u00e3o de Dados (Agencia Espa\u00f1ola de Protecci\u00f3n de Datos). Quer atrav\u00e9s da sede eletr\u00f3nica do seu portal Web (<span style=\"color: #00c1d5;\">\n  <a style=\"color: #00c1d5;\" href=\"http:\/\/www.agpd.es\">www.agpd.es<\/a>\n<\/span>), ou por escrito para o seu endere\u00e7o postal (C\/ Jorge Juan, 6, 28001-Madrid).<\/p>\n<p><strong>Que informa\u00e7\u00f5es recolhemos?<\/strong><br>Em geral, o utilizador pode utilizar o s\u00edtio Web sem fornecer quaisquer informa\u00e7\u00f5es pessoais. O Utilizador \u00e9 o \u00fanico respons\u00e1vel por quaisquer declara\u00e7\u00f5es falsas ou inexactas e por quaisquer danos que tais declara\u00e7\u00f5es possam causar.<\/p>\n<p><strong>Que medidas tomamos para manter as suas informa\u00e7\u00f5es seguras?<\/strong><br>Tomamos medidas t\u00e9cnicas e f\u00edsicas razo\u00e1veis para proteger as informa\u00e7\u00f5es que recolhemos atrav\u00e9s do s\u00edtio Web.<br>A este respeito, aplicamos medidas de seguran\u00e7a b\u00e1sicas:<\/p>\n<ul>\n<li>Controlo do acesso f\u00edsico.<\/li>\n<li>Controlo de acesso l\u00f3gico.<\/li>\n<li>Identifica\u00e7\u00e3o e autentica\u00e7\u00e3o.<\/li>\n<li>Prote\u00e7\u00e3o contra c\u00f3digos nocivos.<\/li>\n<li>Prote\u00e7\u00e3o das instala\u00e7\u00f5es.<\/li>\n<li>C\u00f3pias de seguran\u00e7a.<\/li>\n<li>Gest\u00e3o de incidentes.<\/li>\n<li>Gest\u00e3o e destrui\u00e7\u00e3o de suportes.<\/li>\n<\/ul>\t\t\t\t\t\t\t\t<\/div>\n\t\t\t\t<\/div>\n\t\t\t\t<div class=\"elementor-element elementor-element-2ff1bd5 elementor-absolute elementor-widget elementor-widget-image\" data-id=\"2ff1bd5\" data-element_type=\"widget\" data-e-type=\"widget\" data-settings=\"{&quot;_position&quot;:&quot;absolute&quot;}\" data-widget_type=\"image.default\">\n\t\t\t\t<div class=\"elementor-widget-container\">\n\t\t\t\t\t\t\t\t\t\t\t\t\t\t\t<img fetchpriority=\"high\" decoding=\"async\" width=\"500\" height=\"500\" src=\"https:\/\/www.web.doncicleto.com\/wp-content\/uploads\/2023\/06\/Don-Cicleto-circulo-amarillo.svg\" class=\"attachment-full size-full wp-image-3168\" alt=\"\" \/>\t\t\t\t\t\t\t\t\t\t\t\t\t\t\t<\/div>\n\t\t\t\t<\/div>\n\t\t\t\t\t<\/div>\n\t\t\t\t<\/div>\n\t\t\t\t<\/div>\n\t\t","protected":false},"excerpt":{"rendered":"<p>Pol\u00edtica de privacidade Aviso legal e pol\u00edtica de privacidade Em cumprimento da Lei 34\/2002, de 11 de julho, de Servi\u00e7os da Sociedade da Informa\u00e7\u00e3o e do Com\u00e9rcio Eletr\u00f3nico, informamos que a DON CICLETO S.L., com sede social em CALLE PE\u00d1AFIEL 17, 28019, MADRID; com o n\u00famero de identifica\u00e7\u00e3o fiscal B87258786, \u00e9 a propriet\u00e1ria do s\u00edtio [&hellip;]<\/p>\n","protected":false},"author":1,"featured_media":0,"parent":0,"menu_order":0,"comment_status":"closed","ping_status":"open","template":"","meta":{"_acf_changed":false,"footnotes":"","_links_to":"","_links_to_target":""},"class_list":["post-4493","page","type-page","status-publish","hentry"],"acf":[],"yoast_head":"<!-- This site is optimized with the Yoast SEO plugin v26.9 - https:\/\/yoast.com\/product\/yoast-seo-wordpress\/ -->\n<title>Pol\u00edtica de privacidade - Don Cicleto<\/title>\n<meta name=\"robots\" content=\"index, follow, max-snippet:-1, max-image-preview:large, max-video-preview:-1\" \/>\n<link rel=\"canonical\" href=\"https:\/\/www.web.doncicleto.com\/pt-pt\/politica-de-privacidade\/\" \/>\n<meta property=\"og:locale\" content=\"pt_PT\" \/>\n<meta property=\"og:type\" content=\"article\" \/>\n<meta property=\"og:title\" content=\"Pol\u00edtica de privacidade - Don Cicleto\" \/>\n<meta property=\"og:description\" content=\"Pol\u00edtica de privacidade Aviso legal e pol\u00edtica de privacidade Em cumprimento da Lei 34\/2002, de 11 de julho, de Servi\u00e7os da Sociedade da Informa\u00e7\u00e3o e do Com\u00e9rcio Eletr\u00f3nico, informamos que a DON CICLETO S.L., com sede social em CALLE PE\u00d1AFIEL 17, 28019, MADRID; com o n\u00famero de identifica\u00e7\u00e3o fiscal B87258786, \u00e9 a propriet\u00e1ria do s\u00edtio [&hellip;]\" \/>\n<meta property=\"og:url\" content=\"https:\/\/www.web.doncicleto.com\/pt-pt\/politica-de-privacidade\/\" \/>\n<meta property=\"og:site_name\" content=\"Don Cicleto\" \/>\n<meta property=\"article:modified_time\" content=\"2023-10-11T18:08:04+00:00\" \/>\n<meta property=\"og:image\" content=\"https:\/\/www.web.doncicleto.com\/wp-content\/uploads\/2023\/06\/Don-Cicleto-circulo-amarillo.svg\" \/>\n<meta name=\"twitter:card\" content=\"summary_large_image\" \/>\n<meta name=\"twitter:label1\" content=\"Est. reading time\" \/>\n\t<meta name=\"twitter:data1\" content=\"6 minutes\" \/>\n<script type=\"application\/ld+json\" class=\"yoast-schema-graph\">{\"@context\":\"https:\/\/schema.org\",\"@graph\":[{\"@type\":\"WebPage\",\"@id\":\"https:\/\/www.web.doncicleto.com\/pt-pt\/politica-de-privacidade\/\",\"url\":\"https:\/\/www.web.doncicleto.com\/pt-pt\/politica-de-privacidade\/\",\"name\":\"Pol\u00edtica de privacidade - Don Cicleto\",\"isPartOf\":{\"@id\":\"https:\/\/www.web.doncicleto.com\/pt-pt\/#website\"},\"primaryImageOfPage\":{\"@id\":\"https:\/\/www.web.doncicleto.com\/pt-pt\/politica-de-privacidade\/#primaryimage\"},\"image\":{\"@id\":\"https:\/\/www.web.doncicleto.com\/pt-pt\/politica-de-privacidade\/#primaryimage\"},\"thumbnailUrl\":\"https:\/\/www.web.doncicleto.com\/wp-content\/uploads\/2023\/06\/Don-Cicleto-circulo-amarillo.svg\",\"datePublished\":\"2023-06-09T17:30:32+00:00\",\"dateModified\":\"2023-10-11T18:08:04+00:00\",\"breadcrumb\":{\"@id\":\"https:\/\/www.web.doncicleto.com\/pt-pt\/politica-de-privacidade\/#breadcrumb\"},\"inLanguage\":\"pt-PT\",\"potentialAction\":[{\"@type\":\"ReadAction\",\"target\":[\"https:\/\/www.web.doncicleto.com\/pt-pt\/politica-de-privacidade\/\"]}]},{\"@type\":\"ImageObject\",\"inLanguage\":\"pt-PT\",\"@id\":\"https:\/\/www.web.doncicleto.com\/pt-pt\/politica-de-privacidade\/#primaryimage\",\"url\":\"https:\/\/www.web.doncicleto.com\/wp-content\/uploads\/2023\/06\/Don-Cicleto-circulo-amarillo.svg\",\"contentUrl\":\"https:\/\/www.web.doncicleto.com\/wp-content\/uploads\/2023\/06\/Don-Cicleto-circulo-amarillo.svg\"},{\"@type\":\"BreadcrumbList\",\"@id\":\"https:\/\/www.web.doncicleto.com\/pt-pt\/politica-de-privacidade\/#breadcrumb\",\"itemListElement\":[{\"@type\":\"ListItem\",\"position\":1,\"name\":\"Home\",\"item\":\"https:\/\/www.web.doncicleto.com\/pt-pt\/inicio\/\"},{\"@type\":\"ListItem\",\"position\":2,\"name\":\"Pol\u00edtica de privacidade\"}]},{\"@type\":\"WebSite\",\"@id\":\"https:\/\/www.web.doncicleto.com\/pt-pt\/#website\",\"url\":\"https:\/\/www.web.doncicleto.com\/pt-pt\/\",\"name\":\"Don Cicleto\",\"description\":\"\",\"publisher\":{\"@id\":\"https:\/\/www.web.doncicleto.com\/pt-pt\/#organization\"},\"potentialAction\":[{\"@type\":\"SearchAction\",\"target\":{\"@type\":\"EntryPoint\",\"urlTemplate\":\"https:\/\/www.web.doncicleto.com\/pt-pt\/?s={search_term_string}\"},\"query-input\":{\"@type\":\"PropertyValueSpecification\",\"valueRequired\":true,\"valueName\":\"search_term_string\"}}],\"inLanguage\":\"pt-PT\"},{\"@type\":\"Organization\",\"@id\":\"https:\/\/www.web.doncicleto.com\/pt-pt\/#organization\",\"name\":\"Don Cicleto\",\"url\":\"https:\/\/www.web.doncicleto.com\/pt-pt\/\",\"logo\":{\"@type\":\"ImageObject\",\"inLanguage\":\"pt-PT\",\"@id\":\"https:\/\/www.web.doncicleto.com\/pt-pt\/#\/schema\/logo\/image\/\",\"url\":\"https:\/\/www.web.doncicleto.com\/wp-content\/uploads\/2023\/06\/Don-Cicleto-logo-txt.svg\",\"contentUrl\":\"https:\/\/www.web.doncicleto.com\/wp-content\/uploads\/2023\/06\/Don-Cicleto-logo-txt.svg\",\"width\":132,\"height\":32,\"caption\":\"Don Cicleto\"},\"image\":{\"@id\":\"https:\/\/www.web.doncicleto.com\/pt-pt\/#\/schema\/logo\/image\/\"}}]}<\/script>\n<!-- \/ Yoast SEO plugin. -->","yoast_head_json":{"title":"Pol\u00edtica de privacidade - Don Cicleto","robots":{"index":"index","follow":"follow","max-snippet":"max-snippet:-1","max-image-preview":"max-image-preview:large","max-video-preview":"max-video-preview:-1"},"canonical":"https:\/\/www.web.doncicleto.com\/pt-pt\/politica-de-privacidade\/","og_locale":"pt_PT","og_type":"article","og_title":"Pol\u00edtica de privacidade - Don Cicleto","og_description":"Pol\u00edtica de privacidade Aviso legal e pol\u00edtica de privacidade Em cumprimento da Lei 34\/2002, de 11 de julho, de Servi\u00e7os da Sociedade da Informa\u00e7\u00e3o e do Com\u00e9rcio Eletr\u00f3nico, informamos que a DON CICLETO S.L., com sede social em CALLE PE\u00d1AFIEL 17, 28019, MADRID; com o n\u00famero de identifica\u00e7\u00e3o fiscal B87258786, \u00e9 a propriet\u00e1ria do s\u00edtio [&hellip;]","og_url":"https:\/\/www.web.doncicleto.com\/pt-pt\/politica-de-privacidade\/","og_site_name":"Don Cicleto","article_modified_time":"2023-10-11T18:08:04+00:00","og_image":[{"url":"https:\/\/www.web.doncicleto.com\/wp-content\/uploads\/2023\/06\/Don-Cicleto-circulo-amarillo.svg","type":"","width":"","height":""}],"twitter_card":"summary_large_image","twitter_misc":{"Est. reading time":"6 minutes"},"schema":{"@context":"https:\/\/schema.org","@graph":[{"@type":"WebPage","@id":"https:\/\/www.web.doncicleto.com\/pt-pt\/politica-de-privacidade\/","url":"https:\/\/www.web.doncicleto.com\/pt-pt\/politica-de-privacidade\/","name":"Pol\u00edtica de privacidade - Don Cicleto","isPartOf":{"@id":"https:\/\/www.web.doncicleto.com\/pt-pt\/#website"},"primaryImageOfPage":{"@id":"https:\/\/www.web.doncicleto.com\/pt-pt\/politica-de-privacidade\/#primaryimage"},"image":{"@id":"https:\/\/www.web.doncicleto.com\/pt-pt\/politica-de-privacidade\/#primaryimage"},"thumbnailUrl":"https:\/\/www.web.doncicleto.com\/wp-content\/uploads\/2023\/06\/Don-Cicleto-circulo-amarillo.svg","datePublished":"2023-06-09T17:30:32+00:00","dateModified":"2023-10-11T18:08:04+00:00","breadcrumb":{"@id":"https:\/\/www.web.doncicleto.com\/pt-pt\/politica-de-privacidade\/#breadcrumb"},"inLanguage":"pt-PT","potentialAction":[{"@type":"ReadAction","target":["https:\/\/www.web.doncicleto.com\/pt-pt\/politica-de-privacidade\/"]}]},{"@type":"ImageObject","inLanguage":"pt-PT","@id":"https:\/\/www.web.doncicleto.com\/pt-pt\/politica-de-privacidade\/#primaryimage","url":"https:\/\/www.web.doncicleto.com\/wp-content\/uploads\/2023\/06\/Don-Cicleto-circulo-amarillo.svg","contentUrl":"https:\/\/www.web.doncicleto.com\/wp-content\/uploads\/2023\/06\/Don-Cicleto-circulo-amarillo.svg"},{"@type":"BreadcrumbList","@id":"https:\/\/www.web.doncicleto.com\/pt-pt\/politica-de-privacidade\/#breadcrumb","itemListElement":[{"@type":"ListItem","position":1,"name":"Home","item":"https:\/\/www.web.doncicleto.com\/pt-pt\/inicio\/"},{"@type":"ListItem","position":2,"name":"Pol\u00edtica de privacidade"}]},{"@type":"WebSite","@id":"https:\/\/www.web.doncicleto.com\/pt-pt\/#website","url":"https:\/\/www.web.doncicleto.com\/pt-pt\/","name":"Don Cicleto","description":"","publisher":{"@id":"https:\/\/www.web.doncicleto.com\/pt-pt\/#organization"},"potentialAction":[{"@type":"SearchAction","target":{"@type":"EntryPoint","urlTemplate":"https:\/\/www.web.doncicleto.com\/pt-pt\/?s={search_term_string}"},"query-input":{"@type":"PropertyValueSpecification","valueRequired":true,"valueName":"search_term_string"}}],"inLanguage":"pt-PT"},{"@type":"Organization","@id":"https:\/\/www.web.doncicleto.com\/pt-pt\/#organization","name":"Don Cicleto","url":"https:\/\/www.web.doncicleto.com\/pt-pt\/","logo":{"@type":"ImageObject","inLanguage":"pt-PT","@id":"https:\/\/www.web.doncicleto.com\/pt-pt\/#\/schema\/logo\/image\/","url":"https:\/\/www.web.doncicleto.com\/wp-content\/uploads\/2023\/06\/Don-Cicleto-logo-txt.svg","contentUrl":"https:\/\/www.web.doncicleto.com\/wp-content\/uploads\/2023\/06\/Don-Cicleto-logo-txt.svg","width":132,"height":32,"caption":"Don Cicleto"},"image":{"@id":"https:\/\/www.web.doncicleto.com\/pt-pt\/#\/schema\/logo\/image\/"}}]}},"_links":{"self":[{"href":"https:\/\/www.web.doncicleto.com\/pt-pt\/wp-json\/wp\/v2\/pages\/4493","targetHints":{"allow":["GET"]}}],"collection":[{"href":"https:\/\/www.web.doncicleto.com\/pt-pt\/wp-json\/wp\/v2\/pages"}],"about":[{"href":"https:\/\/www.web.doncicleto.com\/pt-pt\/wp-json\/wp\/v2\/types\/page"}],"author":[{"embeddable":true,"href":"https:\/\/www.web.doncicleto.com\/pt-pt\/wp-json\/wp\/v2\/users\/1"}],"replies":[{"embeddable":true,"href":"https:\/\/www.web.doncicleto.com\/pt-pt\/wp-json\/wp\/v2\/comments?post=4493"}],"version-history":[{"count":1,"href":"https:\/\/www.web.doncicleto.com\/pt-pt\/wp-json\/wp\/v2\/pages\/4493\/revisions"}],"predecessor-version":[{"id":4494,"href":"https:\/\/www.web.doncicleto.com\/pt-pt\/wp-json\/wp\/v2\/pages\/4493\/revisions\/4494"}],"wp:attachment":[{"href":"https:\/\/www.web.doncicleto.com\/pt-pt\/wp-json\/wp\/v2\/media?parent=4493"}],"curies":[{"name":"wp","href":"https:\/\/api.w.org\/{rel}","templated":true}]}}