{"id":4486,"date":"2023-06-09T17:30:32","date_gmt":"2023-06-09T17:30:32","guid":{"rendered":"https:\/\/don-cicleto.ronindev.today\/politique-de-confidentialite\/"},"modified":"2023-10-11T18:08:04","modified_gmt":"2023-10-11T18:08:04","slug":"politique-de-confidentialite","status":"publish","type":"page","link":"https:\/\/www.web.doncicleto.com\/fr\/politique-de-confidentialite\/","title":{"rendered":"Politique de confidentialit\u00e9"},"content":{"rendered":"\t\t<div data-elementor-type=\"wp-page\" data-elementor-id=\"4486\" class=\"elementor elementor-4486 elementor-3\" data-elementor-post-type=\"page\">\n\t\t\t\t<div class=\"elementor-element elementor-element-937bbb7 e-con-full e-flex elementor-invisible e-con e-parent\" data-id=\"937bbb7\" data-element_type=\"container\" data-e-type=\"container\" data-settings=\"{&quot;animation&quot;:&quot;fadeIn&quot;}\">\n\t\t<div class=\"elementor-element elementor-element-5cc6a54 e-flex e-con-boxed e-con e-parent\" data-id=\"5cc6a54\" data-element_type=\"container\" data-e-type=\"container\">\n\t\t\t\t\t<div class=\"e-con-inner\">\n\t\t\t\t<div class=\"elementor-element elementor-element-144c65b elementor-widget elementor-widget-heading\" data-id=\"144c65b\" data-element_type=\"widget\" data-e-type=\"widget\" data-widget_type=\"heading.default\">\n\t\t\t\t<div class=\"elementor-widget-container\">\n\t\t\t\t\t<h2 class=\"elementor-heading-title elementor-size-default\">Politique de confidentialit\u00e9<\/h2>\t\t\t\t<\/div>\n\t\t\t\t<\/div>\n\t\t\t\t\t<\/div>\n\t\t\t\t<\/div>\n\t\t\t\t<\/div>\n\t\t<div class=\"elementor-element elementor-element-f51b926 e-flex e-con-boxed e-con e-parent\" data-id=\"f51b926\" data-element_type=\"container\" data-e-type=\"container\">\n\t\t\t\t\t<div class=\"e-con-inner\">\n\t\t\t\t<div class=\"elementor-element elementor-element-763e821 elementor-widget elementor-widget-text-editor\" data-id=\"763e821\" data-element_type=\"widget\" data-e-type=\"widget\" data-widget_type=\"text-editor.default\">\n\t\t\t\t<div class=\"elementor-widget-container\">\n\t\t\t\t\t\t\t\t\t<p><strong>Avis juridique et politique de confidentialit\u00e9<\/strong><\/p>\n<p>Conform\u00e9ment \u00e0 la loi 34\/2002, du 11 juillet, sur les services de la soci\u00e9t\u00e9 de l&#8217;information et le commerce \u00e9lectronique, nous vous informons que DON CICLETO S.L., dont le si\u00e8ge social se trouve \u00e0 CALLE PE\u00d1AFIEL 17, 28019, MADRID ; num\u00e9ro d&#8217;identification fiscale B87258786, est le propri\u00e9taire du site web http:\/\/www.doncicleto.com\/ (ci-apr\u00e8s le site web). Conform\u00e9ment aux dispositions du r\u00e8glement (UE) 2016\/679 du 27 avril relatif \u00e0 la protection des personnes physiques \u00e0 l&#8217;\u00e9gard du traitement des donn\u00e9es \u00e0 caract\u00e8re personnel et \u00e0 la libre circulation de ces donn\u00e9es (ci-apr\u00e8s d\u00e9nomm\u00e9 GDPR).<\/p>\n<p><strong>Qui est responsable du traitement de vos donn\u00e9es ?<\/strong><br>Nom : DON CICLETO S.L.<br>NUM\u00c9RO DE TVA : B87258786<br>Adresse : CALLE BAIL\u00c9N 7, 28280 EL ESCORIAL<br>T\u00e9l\u00e9phone : 744 400 546<br>Courriel : <span style=\"color: #00c1d5;\">\n  <a style=\"color: #00c1d5;\" href=\"mailto:hola@doncicleto.com\">hola@doncicleto.com<\/a>\n<\/span><\/p>\n<p><strong>\u00c0 quelles fins traitons-nous vos donn\u00e9es personnelles ?<br><\/strong>Vos donn\u00e9es personnelles ne seront utilis\u00e9es qu&#8217;aux fins suivantes :<\/p>\n<ul>\n<li>Si vous \u00eates un utilisateur du site web, nous utilisons vos donn\u00e9es pour la gestion des doutes, des questions ou d&#8217;autres demandes concernant nos services.<\/li>\n<li>Si vous \u00eates un client ou un utilisateur potentiel :<br>Pour l&#8217;envoi de devis.<br>Pour envoyer des communications et des offres promotionnelles li\u00e9es au service.<\/li>\n<li>Si vous \u00eates client :<br>Pour la gestion administrative et fiscale.<br>Gestion du stationnement, facturation du service.<br>Pour envoyer des communications et des offres promotionnelles li\u00e9es au service.<\/li>\n<\/ul>\n<p> <\/p>\n<p><strong>Quelle est la l\u00e9gitimit\u00e9 du traitement de vos donn\u00e9es personnelles ?<\/strong><\/p>\n<ul>\n<li>Si vous \u00eates un utilisateur du site web (demandes de renseignements, questions g\u00e9n\u00e9rales) :<br>Consentement explicite de l&#8217;utilisateur par la s\u00e9lection de la case \u00e0 cocher de l&#8217;enregistrement o\u00f9 il v\u00e9rifie son consentement.<\/li>\n<li>Si vous \u00eates un client potentiel :<br>La base juridique de la finalit\u00e9 principale est l&#8217;ex\u00e9cution de mesures pr\u00e9contractuelles.<\/li>\n<li>Si vous \u00eates client :<br>La base juridique de la finalit\u00e9 principale est l&#8217;ex\u00e9cution du contrat.<\/li>\n<li>Dans tous les cas :<br>La base juridique pour l&#8217;envoi de communications et d&#8217;offres promotionnelles est le consentement explicite lors de la v\u00e9rification de notre site web.<\/li>\n<\/ul>\n<p> <\/p>\n<p><strong>Combien de temps vais-je conserver vos donn\u00e9es personnelles ?<\/strong><\/p>\n<p>UN AN pour les connexions internet \u00e0 notre site, le courrier \u00e9lectronique et les appels t\u00e9l\u00e9phoniques vocaux.<br>Dans le cas o\u00f9 vous nous sollicitez, vos donn\u00e9es seront conserv\u00e9es par nous jusqu&#8217;\u00e0 la fin des obligations l\u00e9gales qui en d\u00e9coulent.<\/p>\n<p><strong>Comment ai-je obtenu vos donn\u00e9es personnelles ?<br><\/strong>Les donn\u00e9es obtenues n&#8217;ont pas \u00e9t\u00e9 fournies par vous.<\/p>\n<p><strong>\u00c0 quels destinataires vos donn\u00e9es personnelles seront-elles communiqu\u00e9es ?<br><\/strong>S&#8217;il s&#8217;agit d&#8217;un client, il peut \u00eatre communiqu\u00e9 aux administrations comp\u00e9tentes en la mati\u00e8re.<\/p>\n<p><strong>Quelle est la l\u00e9gitimation de la communication de vos donn\u00e9es personnelles ?<br><\/strong>Respect des obligations l\u00e9gales.<\/p>\n<p><br><strong>Quels sont vos droits lorsque vous me fournissez vos donn\u00e9es personnelles ?<br><\/strong>Toute personne concern\u00e9e peut demander l&#8217;exercice des droits suivants :<\/p>\n<ul>\n<li>Droit d&#8217;acc\u00e8s : La personne concern\u00e9e a le droit d&#8217;obtenir la confirmation que des donn\u00e9es \u00e0 caract\u00e8re personnel la concernant sont ou ne sont pas trait\u00e9es.<\/li>\n<li>Droit de rectification : La personne concern\u00e9e a le droit d&#8217;obtenir la rectification des donn\u00e9es \u00e0 caract\u00e8re personnel inexactes ou incompl\u00e8tes la concernant.<\/li>\n<li>Droit d&#8217;effacement : La personne concern\u00e9e a le droit d&#8217;obtenir l&#8217;effacement des donn\u00e9es \u00e0 caract\u00e8re personnel la concernant lorsque ces donn\u00e9es ne sont plus n\u00e9cessaires au regard des finalit\u00e9s pour lesquelles elles ont \u00e9t\u00e9 collect\u00e9es ou trait\u00e9es d&#8217;une autre mani\u00e8re.<\/li>\n<li>Droit de limitation : vous pouvez demander la limitation du traitement de vos donn\u00e9es \u00e0 caract\u00e8re personnel, auquel cas nous ne les conserverons que pour l&#8217;exercice ou la d\u00e9fense de droits.<\/li>\n<li>Droit \u00e0 la portabilit\u00e9 des donn\u00e9es : Vous pouvez nous demander de transf\u00e9rer vos donn\u00e9es personnelles automatis\u00e9es \u00e0 toute autre entreprise que vous nous indiquez dans un format structur\u00e9, intelligible et automatis\u00e9.<\/li>\n<li>Droit de retirer son consentement : vous avez le droit de retirer votre consentement \u00e0 tout moment, sans que cela n&#8217;affecte la l\u00e9galit\u00e9 du traitement fond\u00e9 sur le consentement avant son retrait.<\/li>\n<li>Droit d&#8217;opposition : La personne concern\u00e9e a le droit de s&#8217;opposer au traitement de ses donn\u00e9es.<\/li>\n<\/ul>\n<p> <\/p>\n<p><strong>Comment pouvez-vous exercer ces droits ?<br><\/strong>Nous mettons \u00e0 votre disposition, sur demande, les formulaires vous permettant d&#8217;exercer ces droits. Vous pouvez nous contacter \u00e0 l&#8217;adresse suivante <span style=\"color: #00c1d5;\">\n  <a style=\"color: #00c1d5;\" href=\"mailto:hola@doncicleto.com\">hola@doncicleto.com<\/a>\n<\/span> en indiquant le droit que vous souhaitez exercer et nous vous enverrons le formulaire correspondant. L&#8217;exercice de ces droits doit se faire par le biais d&#8217;une communication envoy\u00e9e \u00e0 l&#8217;adresse \u00e9lectronique hola@doncicleto.com ou \u00e0 l&#8217;adresse postale.<\/p>\n<p><strong>Qui peut exercer les droits ?<\/strong><br>Les droits des personnes concern\u00e9es \u00e9tant tr\u00e8s personnels, ils seront exerc\u00e9s par le propri\u00e9taire des donn\u00e9es, apr\u00e8s v\u00e9rification de son identit\u00e9 (pour ce faire, il lui sera demand\u00e9 de pr\u00e9senter sa carte d&#8217;identit\u00e9 ou une pi\u00e8ce d&#8217;identit\u00e9 \u00e9quivalente).<br>Il peut \u00e9galement \u00eatre exerc\u00e9 par le biais d&#8217;une repr\u00e9sentation l\u00e9gale, auquel cas, en plus de la carte d&#8217;identit\u00e9 de l&#8217;int\u00e9ress\u00e9 ou d&#8217;un document \u00e9quivalent, la carte d&#8217;identit\u00e9 et le document authentique accr\u00e9ditant la repr\u00e9sentation du tiers doivent \u00eatre fournis.<\/p>\n<p><strong>Quelle sera notre obligation si vous exercez l&#8217;un de ces droits ?<br><\/strong>Le responsable du traitement doit r\u00e9pondre \u00e0 la demande qui lui est adress\u00e9e en tout \u00e9tat de cause, que les donn\u00e9es \u00e0 caract\u00e8re personnel de la personne concern\u00e9e ou de l&#8217;int\u00e9ress\u00e9 soient ou non incluses dans ses op\u00e9rations de traitement.<br>Si la demande ne r\u00e9pond pas aux exigences sp\u00e9cifi\u00e9es, le responsable du traitement des donn\u00e9es en demande la correction.<br>Le responsable du traitement r\u00e9pond aux demandes dans un d\u00e9lai d&#8217;un mois \u00e0 compter de la r\u00e9ception de la demande. Cette p\u00e9riode peut \u00eatre prolong\u00e9e de deux mois suppl\u00e9mentaires si n\u00e9cessaire, en tenant compte de la complexit\u00e9 et du nombre de demandes. Le responsable du traitement informe la personne concern\u00e9e de cette prolongation dans un d\u00e9lai d&#8217;un mois \u00e0 compter de la r\u00e9ception de la demande, en indiquant les raisons du retard.<\/p>\n<p><strong>Droit de d\u00e9poser une plainte aupr\u00e8s de l&#8217;autorit\u00e9 de contr\u00f4le<br><\/strong>Vous pouvez demander la protection des droits qui n&#8217;ont pas \u00e9t\u00e9 d\u00fbment adress\u00e9s \u00e0 l&#8217;Agence espagnole de protection des donn\u00e9es. Soit par le biais du si\u00e8ge \u00e9lectronique de son portail web (<span style=\"color: #00c1d5;\">\n  <a style=\"color: #00c1d5;\" href=\"http:\/\/www.agpd.es\">www.agpd.es<\/a>\n<\/span>), soit en \u00e9crivant \u00e0 son adresse postale (C\/ Jorge Juan, 6, 28001-Madrid).<\/p>\n<p><strong>Quelles sont les informations que nous recueillons ?<\/strong><br>D&#8217;une mani\u00e8re g\u00e9n\u00e9rale, vous pouvez utiliser le site web sans fournir d&#8217;informations personnelles. L&#8217;utilisateur est seul responsable des d\u00e9clarations fausses ou inexactes et des dommages qu&#8217;elles peuvent causer.<\/p>\n<p><strong>Quelles sont les mesures prises pour assurer la s\u00e9curit\u00e9 de vos informations ?<\/strong><br>Nous prenons des mesures techniques et physiques raisonnables pour prot\u00e9ger les informations que nous recueillons sur le site web.<br>\u00c0 cet \u00e9gard, nous appliquons des mesures de s\u00e9curit\u00e9 de base :<\/p>\n<ul>\n<li>Contr\u00f4le d&#8217;acc\u00e8s physique.<\/li>\n<li>Contr\u00f4le d&#8217;acc\u00e8s logique.<\/li>\n<li>Identification et authentification.<\/li>\n<li>Protection contre les codes nuisibles.<\/li>\n<li>Protection des installations.<\/li>\n<li>Copies de sauvegarde.<\/li>\n<li>Gestion des incidents.<\/li>\n<li>Gestion et destruction des supports.<\/li>\n<\/ul>\t\t\t\t\t\t\t\t<\/div>\n\t\t\t\t<\/div>\n\t\t\t\t<div class=\"elementor-element elementor-element-2ff1bd5 elementor-absolute elementor-widget elementor-widget-image\" data-id=\"2ff1bd5\" data-element_type=\"widget\" data-e-type=\"widget\" data-settings=\"{&quot;_position&quot;:&quot;absolute&quot;}\" data-widget_type=\"image.default\">\n\t\t\t\t<div class=\"elementor-widget-container\">\n\t\t\t\t\t\t\t\t\t\t\t\t\t\t\t<img fetchpriority=\"high\" decoding=\"async\" width=\"500\" height=\"500\" src=\"https:\/\/www.web.doncicleto.com\/wp-content\/uploads\/2023\/06\/Don-Cicleto-circulo-amarillo.svg\" class=\"attachment-full size-full wp-image-3165\" alt=\"\" \/>\t\t\t\t\t\t\t\t\t\t\t\t\t\t\t<\/div>\n\t\t\t\t<\/div>\n\t\t\t\t\t<\/div>\n\t\t\t\t<\/div>\n\t\t\t\t<\/div>\n\t\t","protected":false},"excerpt":{"rendered":"<p>Politique de confidentialit\u00e9 Avis juridique et politique de confidentialit\u00e9 Conform\u00e9ment \u00e0 la loi 34\/2002, du 11 juillet, sur les services de la soci\u00e9t\u00e9 de l&#8217;information et le commerce \u00e9lectronique, nous vous informons que DON CICLETO S.L., dont le si\u00e8ge social se trouve \u00e0 CALLE PE\u00d1AFIEL 17, 28019, MADRID ; num\u00e9ro d&#8217;identification fiscale B87258786, est le [&hellip;]<\/p>\n","protected":false},"author":1,"featured_media":0,"parent":0,"menu_order":0,"comment_status":"closed","ping_status":"open","template":"","meta":{"_acf_changed":false,"footnotes":"","_links_to":"","_links_to_target":""},"class_list":["post-4486","page","type-page","status-publish","hentry"],"acf":[],"yoast_head":"<!-- This site is optimized with the Yoast SEO plugin v26.9 - https:\/\/yoast.com\/product\/yoast-seo-wordpress\/ -->\n<title>Politique de confidentialit\u00e9 - Don Cicleto<\/title>\n<meta name=\"robots\" content=\"index, follow, max-snippet:-1, max-image-preview:large, max-video-preview:-1\" \/>\n<link rel=\"canonical\" href=\"https:\/\/www.web.doncicleto.com\/fr\/politique-de-confidentialite\/\" \/>\n<meta property=\"og:locale\" content=\"fr_FR\" \/>\n<meta property=\"og:type\" content=\"article\" \/>\n<meta property=\"og:title\" content=\"Politique de confidentialit\u00e9 - Don Cicleto\" \/>\n<meta property=\"og:description\" content=\"Politique de confidentialit\u00e9 Avis juridique et politique de confidentialit\u00e9 Conform\u00e9ment \u00e0 la loi 34\/2002, du 11 juillet, sur les services de la soci\u00e9t\u00e9 de l&#8217;information et le commerce \u00e9lectronique, nous vous informons que DON CICLETO S.L., dont le si\u00e8ge social se trouve \u00e0 CALLE PE\u00d1AFIEL 17, 28019, MADRID ; num\u00e9ro d&#8217;identification fiscale B87258786, est le [&hellip;]\" \/>\n<meta property=\"og:url\" content=\"https:\/\/www.web.doncicleto.com\/fr\/politique-de-confidentialite\/\" \/>\n<meta property=\"og:site_name\" content=\"Don Cicleto\" \/>\n<meta property=\"article:modified_time\" content=\"2023-10-11T18:08:04+00:00\" \/>\n<meta property=\"og:image\" content=\"https:\/\/www.web.doncicleto.com\/wp-content\/uploads\/2023\/06\/Don-Cicleto-circulo-amarillo.svg\" \/>\n<meta name=\"twitter:card\" content=\"summary_large_image\" \/>\n<meta name=\"twitter:label1\" content=\"Est. reading time\" \/>\n\t<meta name=\"twitter:data1\" content=\"6 minutes\" \/>\n<script type=\"application\/ld+json\" class=\"yoast-schema-graph\">{\"@context\":\"https:\/\/schema.org\",\"@graph\":[{\"@type\":\"WebPage\",\"@id\":\"https:\/\/www.web.doncicleto.com\/fr\/politique-de-confidentialite\/\",\"url\":\"https:\/\/www.web.doncicleto.com\/fr\/politique-de-confidentialite\/\",\"name\":\"Politique de confidentialit\u00e9 - Don Cicleto\",\"isPartOf\":{\"@id\":\"https:\/\/www.web.doncicleto.com\/fr\/#website\"},\"primaryImageOfPage\":{\"@id\":\"https:\/\/www.web.doncicleto.com\/fr\/politique-de-confidentialite\/#primaryimage\"},\"image\":{\"@id\":\"https:\/\/www.web.doncicleto.com\/fr\/politique-de-confidentialite\/#primaryimage\"},\"thumbnailUrl\":\"https:\/\/www.web.doncicleto.com\/wp-content\/uploads\/2023\/06\/Don-Cicleto-circulo-amarillo.svg\",\"datePublished\":\"2023-06-09T17:30:32+00:00\",\"dateModified\":\"2023-10-11T18:08:04+00:00\",\"breadcrumb\":{\"@id\":\"https:\/\/www.web.doncicleto.com\/fr\/politique-de-confidentialite\/#breadcrumb\"},\"inLanguage\":\"fr-FR\",\"potentialAction\":[{\"@type\":\"ReadAction\",\"target\":[\"https:\/\/www.web.doncicleto.com\/fr\/politique-de-confidentialite\/\"]}]},{\"@type\":\"ImageObject\",\"inLanguage\":\"fr-FR\",\"@id\":\"https:\/\/www.web.doncicleto.com\/fr\/politique-de-confidentialite\/#primaryimage\",\"url\":\"https:\/\/www.web.doncicleto.com\/wp-content\/uploads\/2023\/06\/Don-Cicleto-circulo-amarillo.svg\",\"contentUrl\":\"https:\/\/www.web.doncicleto.com\/wp-content\/uploads\/2023\/06\/Don-Cicleto-circulo-amarillo.svg\"},{\"@type\":\"BreadcrumbList\",\"@id\":\"https:\/\/www.web.doncicleto.com\/fr\/politique-de-confidentialite\/#breadcrumb\",\"itemListElement\":[{\"@type\":\"ListItem\",\"position\":1,\"name\":\"Home\",\"item\":\"https:\/\/www.web.doncicleto.com\/fr\/\"},{\"@type\":\"ListItem\",\"position\":2,\"name\":\"Politique de confidentialit\u00e9\"}]},{\"@type\":\"WebSite\",\"@id\":\"https:\/\/www.web.doncicleto.com\/fr\/#website\",\"url\":\"https:\/\/www.web.doncicleto.com\/fr\/\",\"name\":\"Don Cicleto\",\"description\":\"\",\"publisher\":{\"@id\":\"https:\/\/www.web.doncicleto.com\/fr\/#organization\"},\"potentialAction\":[{\"@type\":\"SearchAction\",\"target\":{\"@type\":\"EntryPoint\",\"urlTemplate\":\"https:\/\/www.web.doncicleto.com\/fr\/?s={search_term_string}\"},\"query-input\":{\"@type\":\"PropertyValueSpecification\",\"valueRequired\":true,\"valueName\":\"search_term_string\"}}],\"inLanguage\":\"fr-FR\"},{\"@type\":\"Organization\",\"@id\":\"https:\/\/www.web.doncicleto.com\/fr\/#organization\",\"name\":\"Don Cicleto\",\"url\":\"https:\/\/www.web.doncicleto.com\/fr\/\",\"logo\":{\"@type\":\"ImageObject\",\"inLanguage\":\"fr-FR\",\"@id\":\"https:\/\/www.web.doncicleto.com\/fr\/#\/schema\/logo\/image\/\",\"url\":\"https:\/\/www.web.doncicleto.com\/wp-content\/uploads\/2023\/06\/Don-Cicleto-logo-txt.svg\",\"contentUrl\":\"https:\/\/www.web.doncicleto.com\/wp-content\/uploads\/2023\/06\/Don-Cicleto-logo-txt.svg\",\"width\":132,\"height\":32,\"caption\":\"Don Cicleto\"},\"image\":{\"@id\":\"https:\/\/www.web.doncicleto.com\/fr\/#\/schema\/logo\/image\/\"}}]}<\/script>\n<!-- \/ Yoast SEO plugin. -->","yoast_head_json":{"title":"Politique de confidentialit\u00e9 - Don Cicleto","robots":{"index":"index","follow":"follow","max-snippet":"max-snippet:-1","max-image-preview":"max-image-preview:large","max-video-preview":"max-video-preview:-1"},"canonical":"https:\/\/www.web.doncicleto.com\/fr\/politique-de-confidentialite\/","og_locale":"fr_FR","og_type":"article","og_title":"Politique de confidentialit\u00e9 - Don Cicleto","og_description":"Politique de confidentialit\u00e9 Avis juridique et politique de confidentialit\u00e9 Conform\u00e9ment \u00e0 la loi 34\/2002, du 11 juillet, sur les services de la soci\u00e9t\u00e9 de l&#8217;information et le commerce \u00e9lectronique, nous vous informons que DON CICLETO S.L., dont le si\u00e8ge social se trouve \u00e0 CALLE PE\u00d1AFIEL 17, 28019, MADRID ; num\u00e9ro d&#8217;identification fiscale B87258786, est le [&hellip;]","og_url":"https:\/\/www.web.doncicleto.com\/fr\/politique-de-confidentialite\/","og_site_name":"Don Cicleto","article_modified_time":"2023-10-11T18:08:04+00:00","og_image":[{"url":"https:\/\/www.web.doncicleto.com\/wp-content\/uploads\/2023\/06\/Don-Cicleto-circulo-amarillo.svg","type":"","width":"","height":""}],"twitter_card":"summary_large_image","twitter_misc":{"Est. reading time":"6 minutes"},"schema":{"@context":"https:\/\/schema.org","@graph":[{"@type":"WebPage","@id":"https:\/\/www.web.doncicleto.com\/fr\/politique-de-confidentialite\/","url":"https:\/\/www.web.doncicleto.com\/fr\/politique-de-confidentialite\/","name":"Politique de confidentialit\u00e9 - Don Cicleto","isPartOf":{"@id":"https:\/\/www.web.doncicleto.com\/fr\/#website"},"primaryImageOfPage":{"@id":"https:\/\/www.web.doncicleto.com\/fr\/politique-de-confidentialite\/#primaryimage"},"image":{"@id":"https:\/\/www.web.doncicleto.com\/fr\/politique-de-confidentialite\/#primaryimage"},"thumbnailUrl":"https:\/\/www.web.doncicleto.com\/wp-content\/uploads\/2023\/06\/Don-Cicleto-circulo-amarillo.svg","datePublished":"2023-06-09T17:30:32+00:00","dateModified":"2023-10-11T18:08:04+00:00","breadcrumb":{"@id":"https:\/\/www.web.doncicleto.com\/fr\/politique-de-confidentialite\/#breadcrumb"},"inLanguage":"fr-FR","potentialAction":[{"@type":"ReadAction","target":["https:\/\/www.web.doncicleto.com\/fr\/politique-de-confidentialite\/"]}]},{"@type":"ImageObject","inLanguage":"fr-FR","@id":"https:\/\/www.web.doncicleto.com\/fr\/politique-de-confidentialite\/#primaryimage","url":"https:\/\/www.web.doncicleto.com\/wp-content\/uploads\/2023\/06\/Don-Cicleto-circulo-amarillo.svg","contentUrl":"https:\/\/www.web.doncicleto.com\/wp-content\/uploads\/2023\/06\/Don-Cicleto-circulo-amarillo.svg"},{"@type":"BreadcrumbList","@id":"https:\/\/www.web.doncicleto.com\/fr\/politique-de-confidentialite\/#breadcrumb","itemListElement":[{"@type":"ListItem","position":1,"name":"Home","item":"https:\/\/www.web.doncicleto.com\/fr\/"},{"@type":"ListItem","position":2,"name":"Politique de confidentialit\u00e9"}]},{"@type":"WebSite","@id":"https:\/\/www.web.doncicleto.com\/fr\/#website","url":"https:\/\/www.web.doncicleto.com\/fr\/","name":"Don Cicleto","description":"","publisher":{"@id":"https:\/\/www.web.doncicleto.com\/fr\/#organization"},"potentialAction":[{"@type":"SearchAction","target":{"@type":"EntryPoint","urlTemplate":"https:\/\/www.web.doncicleto.com\/fr\/?s={search_term_string}"},"query-input":{"@type":"PropertyValueSpecification","valueRequired":true,"valueName":"search_term_string"}}],"inLanguage":"fr-FR"},{"@type":"Organization","@id":"https:\/\/www.web.doncicleto.com\/fr\/#organization","name":"Don Cicleto","url":"https:\/\/www.web.doncicleto.com\/fr\/","logo":{"@type":"ImageObject","inLanguage":"fr-FR","@id":"https:\/\/www.web.doncicleto.com\/fr\/#\/schema\/logo\/image\/","url":"https:\/\/www.web.doncicleto.com\/wp-content\/uploads\/2023\/06\/Don-Cicleto-logo-txt.svg","contentUrl":"https:\/\/www.web.doncicleto.com\/wp-content\/uploads\/2023\/06\/Don-Cicleto-logo-txt.svg","width":132,"height":32,"caption":"Don Cicleto"},"image":{"@id":"https:\/\/www.web.doncicleto.com\/fr\/#\/schema\/logo\/image\/"}}]}},"_links":{"self":[{"href":"https:\/\/www.web.doncicleto.com\/fr\/wp-json\/wp\/v2\/pages\/4486","targetHints":{"allow":["GET"]}}],"collection":[{"href":"https:\/\/www.web.doncicleto.com\/fr\/wp-json\/wp\/v2\/pages"}],"about":[{"href":"https:\/\/www.web.doncicleto.com\/fr\/wp-json\/wp\/v2\/types\/page"}],"author":[{"embeddable":true,"href":"https:\/\/www.web.doncicleto.com\/fr\/wp-json\/wp\/v2\/users\/1"}],"replies":[{"embeddable":true,"href":"https:\/\/www.web.doncicleto.com\/fr\/wp-json\/wp\/v2\/comments?post=4486"}],"version-history":[{"count":1,"href":"https:\/\/www.web.doncicleto.com\/fr\/wp-json\/wp\/v2\/pages\/4486\/revisions"}],"predecessor-version":[{"id":4488,"href":"https:\/\/www.web.doncicleto.com\/fr\/wp-json\/wp\/v2\/pages\/4486\/revisions\/4488"}],"wp:attachment":[{"href":"https:\/\/www.web.doncicleto.com\/fr\/wp-json\/wp\/v2\/media?parent=4486"}],"curies":[{"name":"wp","href":"https:\/\/api.w.org\/{rel}","templated":true}]}}